{"id":17595,"date":"2025-04-17T11:04:54","date_gmt":"2025-04-17T08:04:54","guid":{"rendered":"https:\/\/www.primariarovinari.ro\/?page_id=17595"},"modified":"2025-04-17T13:49:05","modified_gmt":"2025-04-17T10:49:05","slug":"protectie-civila","status":"publish","type":"page","link":"https:\/\/primariarovinari.ro\/old\/protectie-civila\/","title":{"rendered":"SERVICIUL PROTECTIE CIVIL\u0102, SITUA\u021aII DE URGEN\u021a\u0102"},"content":{"rendered":"<h1>17.04.2025<\/h1>\n<h2><span lang=\"RO\">Aten\u021bionare meteorologic\u0103 <\/span><b><span lang=\"RO\">&nbsp;<\/span><\/b><span lang=\"RO\">COD GALBEN<\/span><span lang=\"RO\"> &nbsp;17.04.2025-18.04.2025<\/span><\/h2>\n<img decoding=\"async\" src=\"http:\/\/www.primariarovinari.ro\/wp-content\/plugins\/wp-downloadmanager\/images\/ext\/pdf.gif\" alt=\"\" title=\"\" style=\"vertical-align: middle;\" \/>&nbsp;&nbsp;<strong><a href=\"https:\/\/primariarovinari.ro\/old\/download\/ANM-Avertizare-generala-Cod_galben.pdf\">ANM-Avertizare-generala-Cod_galben.pdf<\/a><\/strong> (386,0 KiB, 182 hits)<br>\n<h1>11.04.2025<\/h1>\n<h1 style=\"text-align: center;\"><strong>M\u0103suri&nbsp; de prevenire a incendiilor la obiective de cult cu prilejul Sfintelor S\u0103rb\u0103tori de Pa\u0219ti<\/strong><\/h1>\n<h2><strong>S\u0103rb\u0103toarea \u00cenvierii<\/strong> este una dintre cele mai mari evenimente ale vie\u021bii noastre cre\u0219tine. \u00cen incinta m\u00e2n\u0103stirilor \u0219i \u00een biserici, se adun\u0103, cu acest prilej, \u00een num\u0103r mare, enoria\u0219i, pentru a participa la toate manifest\u0103rile \u0219i momentele specifice. Din cauza acestor aglomer\u0103ri \u0219i \u00een condi\u021biile utiliz\u0103rii focului deschis sub diferite forme, exist\u0103 riscul producerii de incendii care pot avea consecin\u021be foarte grave, at\u00e2t asupra vie\u021bii participan\u021bilor, c\u00e2t \u0219i pentru construc\u021biile sau amenaj\u0103rile exploatate pe timpul ritualurilor&nbsp; s\u0103rb\u0103torii religioase.<\/h2>\n<h2>Pentru ca aceste l\u0103ca\u0219uri s\u0103 fie ocrotite de furia focului, se impun luarea urmatoarelor <strong>m\u0103suri de ap\u0103rare \u00eempotriva incendiilor<\/strong>:<\/h2>\n<ul>\n<li>\n<h2>limitarea accesului credincio\u0219ilor \u00een incint\u0103 peste capacitatea bisericii, \u00een scopul evit\u0103rii producerii panicii \u00een caz de accidente;<\/h2>\n<\/li>\n<li>\n<h2>confec\u021bionarea unor stative metalice pentru depunerea lum\u00e2n\u0103rilor aprinse \u0219i amplasarea acestora la distan\u021be corespunz\u0103toare fa\u021b\u0103 de elementele combustibile din construc\u021bia bisericii;<\/h2>\n<\/li>\n<li>\n<h2>stingerea lum\u00e2n\u0103rilor la terminarea slujbei religioase \u0219i depunerea lor \u00een afara bisericii, \u00een locuri special amenajate;<\/h2>\n<\/li>\n<li>\n<h2>supravegherea permanent\u0103 de c\u0103tre o persoan\u0103 special desemnat\u0103 a zonelor \u00een care se folosesc surse de foc deschis, altor mijloace de \u00eenc\u0103lzire, pe toat\u0103 durata func\u021bion\u0103rii lor, stingerea focurilor ori scoaterea de sub tensiune a aparatelor electrice \u0219i de \u00eenc\u0103lzit, \u00eenainte de p\u0103r\u0103sirea \u0219i \u00eencuierea bisericii;<\/h2>\n<\/li>\n<li>\n<h2>interzicerea depozit\u0103rii materialelor combustibile \u00een poduri \u0219i balcoane \u0219i amenajarea unor spatii corespunz\u0103toare pentru p\u0103strarea lor;<\/h2>\n<\/li>\n<li>\n<h2>verificarea \u00eenaintea manifest\u0103rilor cu public numeros de c\u0103tre personal specializat a instala\u021biilor electrice \u0219i de paratr\u0103snet, precum \u0219i a co\u0219urilor de evacuare a fumului;<\/h2>\n<\/li>\n<li>\n<h2>dotarea l\u0103ca\u0219urilor de cult cu mijloace de interven\u021bie pentru stingerea incendiilor \u0219i men\u021binerea acestora \u00een stare de func\u021bionare;<\/h2>\n<\/li>\n<li>\n<h2>marcarea vizibil\u0103 a ie\u0219irilor \u0219i men\u021binerea liber\u0103 a acestora pentru evitarea producerii de accidente;<\/h2>\n<\/li>\n<li>\n<h2>aducerea la cuno\u0219tin\u021ba enoria\u0219ilor, la \u00eenceputul \u0219i pe timpul desf\u0103\u0219ur\u0103rii slujbelor religioase, a m\u0103surilor de protec\u021bie antiincendiu specifice, \u00eendeosebi a celor privind utilizarea focului deschis \u0219i evitarea supraaglomer\u0103rilor;<\/h2>\n<\/li>\n<li>\n<h2>aplicarea imediat\u0103 \u0219i cu hot\u0103r\u00e2re, \u00een faza incipient\u0103, a m\u0103surilor de lichidare a oric\u0103ror \u00eenceputuri de incendiu izbucnite \u00een zon\u0103.<\/h2>\n<\/li>\n<li>\n<h2><em>\u00cen cazul apari\u021biei unei situa\u021bii de urgen\u021b\u0103 ave\u021bi obliga\u021bia s\u0103 anun\u021ba\u021bi Inspectoratul pentru Situa\u021bii de Urgen\u021b\u0103 prin Sistemul National Unic pentru Apeluri de Urgen\u021b\u0103 &#8211; <strong>112<\/strong>.<\/em><\/h2>\n<\/li>\n<\/ul>\n<h2>&nbsp;<\/h2>\n<h1 style=\"text-align: right;\">S\u0103rb\u0103tori fericite!<\/h1>\n<p>&nbsp;<\/p>\n<h1>12.07.2024<\/h1>\n<div class=\"xdj266r x11i5rnm xat24cr x1mh8g0r x1vvkbs x126k92a\">\n<h1 dir=\"auto\">ATEN\u021aIE, URMEAZ\u0102 O PERIOAD\u0102 CU TEMPERATURI EXTREME!<\/h1>\n<\/div>\n<h1 dir=\"auto\">V\u0102 RUG\u0102M, FI\u021aI PRECAU\u021aI!<\/h1>\n<h1 dir=\"auto\">RESPECTA\u021aI RECOMAND\u0102RILE AUTORIT\u0102\u021aILOR!<\/h1>\n<h1 dir=\"auto\">RECOMAND\u0102RI PENTRU POPULA\u021aIE \u00ceN CAZ DE CANICUL\u0102<\/h1>\n<h1 dir=\"auto\">Evita\u021bi c\u0103ldura!<\/h1>\n<h1 dir=\"auto\">\u2022 Evita\u021bi, pe c\u00e2t posibil, expunerea prelungit\u0103 \u015fi direct\u0103 la soare \u00een intervalul orar 11 \u2013 18 \u015fi utiliza\u021bi creme de protec\u0163ie pe zonele corpului expuse razelor solare.<\/h1>\n<h1 dir=\"auto\">\u2022 Evita\u021bi activit\u0103\u0163ile de exterior care necesita\u0306 un consum mare de energie (sport, gra\u0306dina\u0306rit, construc\u021bii, etc) \u00een perioadele cu temperaturi foarte mari. Eventual pute\u021bi desf\u0103\u0219ura aceste activit\u0103\u021bi \u00een perioadele din zi \u00een care temperaturile sunt mai sc\u0103zute.<\/h1>\n<h1 dir=\"auto\">\u2022 Sta\u021bi la umbr\u0103. Aminti\u021bi-v\u0103 c\u0103 temperaturile percepute la soare pot fi cu 10-15 \u02daC mai mari.<\/h1>\n<h1 dir=\"auto\">\u2022 Petrece\u021bi 2-3 ore din timpul zilei \u00eentr-un loc r\u0103coros.<\/h1>\n<h1 dir=\"auto\">\u2022 R\u0103m\u00e2ne\u021bi la curent cu avertismentele oficiale privind perioadele de canicul\u0103.<\/h1>\n<h1 dir=\"auto\">\u2022 P\u0103stra\u021bi leg\u0103tura cu vecini, rude, cuno\u0219tin\u021be care sunt \u00een v\u00e2rst\u0103 sau care au probleme de s\u0103n\u0103tate, interes\u00e2ndu-v\u0103 de starea lor de s\u0103n\u0103tate.<\/h1>\n<h1 dir=\"auto\">P\u0103stra\u021bi-v\u0103 locuin\u021ba r\u0103coroas\u0103!<\/h1>\n<h1 dir=\"auto\">\u2022 P\u0103stra\u021bi ferestrele \u00eenchise \u00een perioada \u00een care temperatura exterioara\u0306 este superioara\u0306 celei din locuin\u0163a\u0306 \u0219i acoperi\u021bi-le cu jaluzele sau obloane pentru a bloca lumina direct\u0103 a soarelui.<\/h1>\n<h1 dir=\"auto\">\u2022 Deschide\u021bi ferestrele dup\u0103 l\u0103sarea \u00eentunericului (c\u00e2nd temperatura exterioar\u0103 este mai mic\u0103 dec\u00e2t temperatura interioar\u0103) pentru a v\u0103 r\u0103cori casa.<\/h1>\n<h1 dir=\"auto\">\u2022 Opri\u021bi func\u021bionarea a c\u00e2t mai multe dintre aparatele electro- casnice din locuin\u021b\u0103, dac\u0103 nu ave\u021bi nevoie de acestea.<\/h1>\n<h1 dir=\"auto\">\u2022 Utiliza\u021bi ventilatoare electrice numai c\u00e2nd temperaturile sunt sub 40 \u02daC. La temperaturi peste 40 \u02daC ventilatoarele vor \u00eenc\u0103lzi corpul.<\/h1>\n<h1 dir=\"auto\">\u2022 Dac\u0103 utiliza\u021bi aer condi\u021bionat, seta\u021bi termostatul la 27 \u02daC \u0219i porni\u021bi un ventilator electric &#8211; acest lucru va face ca \u00een camera aerul s\u0103 se simt\u0103 mai rece cu 4 \u02daC. Astfel se poate face economisi p\u00e2n\u0103 la 70% din factura de energie electric\u0103 pentru r\u0103cire.<\/h1>\n<h1 dir=\"auto\">\u2022 Aminti\u021bi-v\u0103 c\u0103 poate fi mai r\u0103coare \u00een aer liber, la umbr\u0103.<\/h1>\n<h1 dir=\"auto\">Evita\u021bi supra-\u00eenc\u0103lzirea corpului \u0219i deshidratarea!<\/h1>\n<h1 dir=\"auto\">\u2022 Folosi\u021bi \u00eembr\u0103c\u0103minte u\u0219oar\u0103, lejer\u0103 \u0219i ampl\u0103,din fibre naturale, pe c\u00e2t posibil de culori deschise, purta\u021bi pa\u0306la\u0306rii de soare \u0219i ochelari de protec\u0163ie solar\u0103 atunci c\u00e2nd face\u0163i deplas\u0103ri \u00een exterior.<\/h1>\n<h1 dir=\"auto\">\u2022 Sc\u0103de\u021bi-v\u0103 temperatura corpului prin efectuarea de du\u015furi sau \u00eemb\u0103iere cu ap\u0103 r\u0103coritoare.<\/h1>\n<h1 dir=\"auto\">\u2022 Uda\u021bi-v\u0103 pielea folosind o c\u00e2rp\u0103 umed\u0103, spray sau \u00eembr\u0103c\u0103minte ud\u0103 u\u0219oar\u0103.<\/h1>\n<h1 dir=\"auto\">\u2022 Be\u021bi ap\u0103 \u00een mod regulat, fa\u0306ra\u0306 a a\u015ftepta sa\u0306 apara\u0306 senza\u0163ia de sete pentru a v\u0103 hidrata adecvat (1 can\u0103 de ap\u0103 pe or\u0103 \u0219i cel pu\u021bin 2-3 litri pe zi).<\/h1>\n<h1 dir=\"auto\">\u2022 Evita\u021bi expunerea direct\u0103 la soare \u00een orele de v\u00e2rf, c\u0103uta\u021bi umbr\u0103 sau r\u0103m\u00e2ne\u021bi \u00een cas\u0103. Umbra poate reduce c\u0103ldura cu mai mult de 10 \u00b0C.<\/h1>\n<h1 dir=\"auto\">\u2022 Proteja\u021bi sugarii \u0219i copiii. Nu acoperi\u021bi niciodat\u0103 un c\u0103rucior\/c\u0103rucior pentru bebelu\u0219i cu \u021bes\u0103tur\u0103 uscat\u0103 \u2013 acest lucru \u00eel face mai fierbinte \u00een interiorul c\u0103ruciorului. \u00cen schimb, utiliza\u021bi o c\u00e2rp\u0103 umed\u0103, sub\u021bire \u0219i reud\u0103\u021bi dup\u0103 cum este necesar pentru a sc\u0103dea temperatura. Combina\u021bi cu un ventilator portabil pentru o r\u0103cire \u0219i mai mare.<\/h1>\n<h1 dir=\"auto\">\u2022 Evita\u021bi consumului de alcool (inclusiv bere sau vin) deoarece acestea favorizeaza\u0306 deshidratarea \u015fi diminueaza\u0306 capacitatea de lupta\u0306 a organismului \u00eempotriva ca\u0306ldurii.<\/h1>\n<h1 dir=\"auto\">\u2022 Evita\u021bi ba\u0306uturile care au con\u0163inut ridicat de cofein\u0103 (cafea, ceai, cola, energizante) sau de zaha\u0306r (sucuri r\u0103coritoare carbogazoase).<\/h1>\n<h1 dir=\"auto\">\u2022 Evita\u021bi alimentele fierbin\u0163i \u015fi pe cele greu digerabile.<\/h1>\n<h1 dir=\"auto\">\u2022 Cre\u015fte\u021bi consumul de legume \u015fi fructe proaspete cu un con\u021binut ridicat de ap\u0103, precum castrave\u0163ii \u0219i ro\u015fiile, pepenele galben, ro\u015fu, prunele.<\/h1>\n<h1 dir=\"auto\">\u2022 Nu l\u0103sa\u021bi niciodat\u0103 copiii sau animale \u00een vehicule parcate pentru o perioad\u0103 de timp, deoarece temperaturile pot deveni rapid periculos de ridicate.4<\/h1>\n<h1 dir=\"auto\">Proteja\u021bi copiii!<\/h1>\n<h1 dir=\"auto\">M\u0103suri de protec\u0163ie a nou-n\u0103scu\u0163ilor \u015fi a sugarilor cu v\u00e2rsta sub 6 luni \u00eempotriva radia\u021biilor UV<\/h1>\n<h1 dir=\"auto\">\u2022 Copiii cu v\u00e2rsta sub 6 luni nu ar trebui expu\u015fi la lumina direct\u0103 a soarelui.<\/h1>\n<h1 dir=\"auto\">\u2022 Utiliza\u0163i \u00eembr\u0103c\u0103minte de protec\u021bie u\u0219oar\u0103 \u0219i lejer\u0103, care acoper\u0103 bra\u021bele \u0219i picioarele copilului.<\/h1>\n<h1 dir=\"auto\">\u2022 Proteja\u021bi \u00eentotdeauna capul, fa\u021ba, urechile \u0219i g\u00e2tul copilului cu o p\u0103l\u0103rie cu boruri largi.<\/h1>\n<h1 dir=\"auto\">\u2022 Pute\u0163i utiliza ochelari de soare cu protec\u021bie UVA\/UVB pentru bebelu\u015fi.<\/h1>\n<h1 dir=\"auto\">\u2022 Evita\u0163i plimb\u0103rile \u00een intervalul orar 11-18 \u015fi pentru plimbare alegeti zonele cu umbra.<\/h1>\n<h1 dir=\"auto\">M\u0103surile de protec\u0163ie a sugarilor cu v\u00e2rsta 6 -12 luni \u00eempotriva radia\u021biilor UV<\/h1>\n<h1 dir=\"auto\">\u2022 Se aplic\u0103 toate metodele de protec\u021bie descrise mai sus iar la aceast\u0103 v\u00e2rst\u0103 se pot folosi la bebelu\u0219i produsele de protec\u021bie solar\u0103 cu destina\u0163ie special\u0103 pentru pielea sugarilor.<\/h1>\n<div class=\"x11i5rnm xat24cr x1mh8g0r x1vvkbs xtlvy1s x126k92a\">\n<h1 dir=\"auto\">M\u0103surile de protec\u0163ie a copiilor mici \u00eempotriva radia\u021biilor UV<\/h1>\n<h1 dir=\"auto\">\u2022 Protejarea de soare a copiilor mici necesit\u0103 mult\u0103 aten\u0163ie \u0219i efort.<\/h1>\n<h1 dir=\"auto\">\u2022 Este important s\u0103 educa\u021bi at\u00e2t copiii c\u00e2t \u0219i persoanele care \u00eei \u00eengrijesc \u00een ceea ce prive\u0219te m\u0103surile de protec\u021bie necesare.<\/h1>\n<h1 dir=\"auto\">\u2022 Se aplic\u0103 toate metodele de protec\u021bie descrise mai sus referitoare la m\u0103surile de protejare a corpului, ochilor \u015fi a capului, a intervalului orar dedicat plimb\u0103rilor \u015fi jocului \u00een parc \u00een zone cu umbr\u0103.<\/h1>\n<\/div>\n<div class=\"x11i5rnm xat24cr x1mh8g0r x1vvkbs xtlvy1s x126k92a\">\n<div dir=\"auto\">Referin\u021be:<\/div>\n<div dir=\"auto\">1. <span class=\"html-span xdj266r x11i5rnm xat24cr x1mh8g0r xexx8yu x4uap5 x18d9i69 xkhd6sd x1hl2dhg x16tdsg8 x1vvkbs\"><a class=\"x1i10hfl xjbqb8w x1ejq31n xd10rxx x1sy0etr x17r0tee x972fbf xcfux6l x1qhh985 xm0m39n x9f619 x1ypdohk xt0psk2 xe8uvvx xdj266r x11i5rnm xat24cr x1mh8g0r xexx8yu x4uap5 x18d9i69 xkhd6sd x16tdsg8 x1hl2dhg xggy1nq x1a2a7pz x1sur9pj xkrqix3 x1fey0fg\" tabindex=\"0\" role=\"link\" href=\"https:\/\/l.facebook.com\/l.php?u=https%3A%2F%2Fwww.ready.gov%2Fheat%3Ffbclid%3DIwZXh0bgNhZW0CMTAAAR3OoQyCte2XssVkkhQuIn1cIKJdL36G_RZ-XL8HpniAa3eWg7Q2_XAsito_aem_Z30dHrwrgJyMnlDM75i5EQ&amp;h=AT1warXFl-dujXZI0ukgmkSo5Pe1h9A7j-l1f8mLHty9bPfcCIzZFkgybzdndRTJjkCEGDmUwg9pLW5gfmkcCdoSd2VSo-BpQhz_pJNfNwblj0Ip_J2Qs5cQqwpntuVCF9d5&amp;__tn__=-UK-R&amp;c[0]=AT0OFoJrhWbvrn_v-G5lQFPInyu0x22Lcy6XfqNg1IPxelwLNwachq9n0iQzJF--OETIthsc7hhaMb7fj7im--MLEYcjSW3ebk5y8b4nnr-HzmTSwv0z8guZOgelGzZfdQ3hKPkqQsrHR0MChVpFXQh0qYSOtCYo3SBt_Czpmgzjqrp4tBsF6A\" target=\"_blank\" rel=\"nofollow noopener noreferrer\">https:\/\/www.ready.gov\/heat<\/a><\/span><\/div>\n<div dir=\"auto\">2. <span class=\"html-span xdj266r x11i5rnm xat24cr x1mh8g0r xexx8yu x4uap5 x18d9i69 xkhd6sd x1hl2dhg x16tdsg8 x1vvkbs\"><a class=\"x1i10hfl xjbqb8w x1ejq31n xd10rxx x1sy0etr x17r0tee x972fbf xcfux6l x1qhh985 xm0m39n x9f619 x1ypdohk xt0psk2 xe8uvvx xdj266r x11i5rnm xat24cr x1mh8g0r xexx8yu x4uap5 x18d9i69 xkhd6sd x16tdsg8 x1hl2dhg xggy1nq x1a2a7pz x1sur9pj xkrqix3 x1fey0fg\" tabindex=\"0\" role=\"link\" href=\"https:\/\/pubmed.ncbi.nlm.nih.gov\/25252745\/?fbclid=IwZXh0bgNhZW0CMTAAAR048Pkz-emGU4YlpSHFix3DeJW0RuQJMDqvVQvNnPlS2WQkhSv86GQVJkg_aem_fBMNXU1_Xc9h9cfMkq_2-A\" target=\"_blank\" rel=\"nofollow noopener noreferrer\">https:\/\/pubmed.ncbi.nlm.nih.gov\/25252745\/<\/a><\/span><\/div>\n<div dir=\"auto\">3. <span class=\"html-span xdj266r x11i5rnm xat24cr x1mh8g0r xexx8yu x4uap5 x18d9i69 xkhd6sd x1hl2dhg x16tdsg8 x1vvkbs\"><a class=\"x1i10hfl xjbqb8w x1ejq31n xd10rxx x1sy0etr x17r0tee x972fbf xcfux6l x1qhh985 xm0m39n x9f619 x1ypdohk xt0psk2 xe8uvvx xdj266r x11i5rnm xat24cr x1mh8g0r xexx8yu x4uap5 x18d9i69 xkhd6sd x16tdsg8 x1hl2dhg xggy1nq x1a2a7pz x1sur9pj xkrqix3 x1fey0fg\" tabindex=\"0\" role=\"link\" href=\"https:\/\/www.lancetcountdown.org\/data-platform\/health-hazards-exposures-and-impacts\/1-1-health-and-heat\/1-1-5-heat-and-sentiment?fbclid=IwZXh0bgNhZW0CMTAAAR2Hu1jcSv3gJBvWsTmyG4K1X53tNKqmGh5Kp5k0ybl59Q5ZUdU3DfvI-rU_aem_lL3riktbqohWFJYmBSxwMQ\" target=\"_blank\" rel=\"nofollow noopener noreferrer\">https:\/\/www.lancetcountdown.org\/&#8230;\/1-1-5-heat-and-sentiment<\/a><\/span><\/div>\n<div dir=\"auto\">4. <span class=\"html-span xdj266r x11i5rnm xat24cr x1mh8g0r xexx8yu x4uap5 x18d9i69 xkhd6sd x1hl2dhg x16tdsg8 x1vvkbs\"><a class=\"x1i10hfl xjbqb8w x1ejq31n xd10rxx x1sy0etr x17r0tee x972fbf xcfux6l x1qhh985 xm0m39n x9f619 x1ypdohk xt0psk2 xe8uvvx xdj266r x11i5rnm xat24cr x1mh8g0r xexx8yu x4uap5 x18d9i69 xkhd6sd x16tdsg8 x1hl2dhg xggy1nq x1a2a7pz x1sur9pj xkrqix3 x1fey0fg\" tabindex=\"0\" role=\"link\" href=\"https:\/\/www.who.int\/news-room\/fact-sheets\/detail\/climate-change-heat-and-health?fbclid=IwZXh0bgNhZW0CMTAAAR048Pkz-emGU4YlpSHFix3DeJW0RuQJMDqvVQvNnPlS2WQkhSv86GQVJkg_aem_fBMNXU1_Xc9h9cfMkq_2-A\" target=\"_blank\" rel=\"nofollow noopener noreferrer\">https:\/\/www.who.int\/&#8230;\/climate-change-heat-and-health<\/a><\/span><\/div>\n<\/div>\n<h1><img loading=\"lazy\" decoding=\"async\" class=\"alignnone size-large wp-image-20019\" src=\"https:\/\/www.primariarovinari.ro\/wp-content\/uploads\/2024\/07\/Poster_Canicula_2024-724x1024.jpg\" alt=\"\" width=\"724\" height=\"1024\" srcset=\"https:\/\/primariarovinari.ro\/old\/wp-content\/uploads\/2024\/07\/Poster_Canicula_2024-724x1024.jpg 724w, https:\/\/primariarovinari.ro\/old\/wp-content\/uploads\/2024\/07\/Poster_Canicula_2024-119x168.jpg 119w, https:\/\/primariarovinari.ro\/old\/wp-content\/uploads\/2024\/07\/Poster_Canicula_2024-768x1086.jpg 768w, https:\/\/primariarovinari.ro\/old\/wp-content\/uploads\/2024\/07\/Poster_Canicula_2024-1086x1536.jpg 1086w, https:\/\/primariarovinari.ro\/old\/wp-content\/uploads\/2024\/07\/Poster_Canicula_2024-1448x2048.jpg 1448w, https:\/\/primariarovinari.ro\/old\/wp-content\/uploads\/2024\/07\/Poster_Canicula_2024-scaled.jpg 1810w\" sizes=\"auto, (max-width: 724px) 100vw, 724px\" \/><\/h1>\n<h1>12.04.2023 Recomand\u0103ri ISU Gorj<\/h1>\n<h2>In perioada Sfintelor S\u0103rb\u0103tori de Pa\u015fte, credincio\u015fii ortodoc\u015fi se vor afla \u00een l\u0103ca\u015furile de cult, pentru a primi Lumina \u00cenvierii Domnului. Pentru ca aceste momente de rug\u0103ciune \u015fi apropiere de Dumnezeu s\u0103 fie petrecute \u00een lini\u015fte \u015fi siguran\u0163\u0103, pompierii ie\u015feni recomand\u0103 popula\u0163iei, dar \u015fi slujitorilor bisericilor, respectarea urm\u0103toarelor m\u0103suri privind ap\u0103rarea \u00eempotriva incendiilor:<\/h2>\n<ul>\n<li>\n<h2>Accesul credincio\u015filor \u00een incinta l\u0103ca\u015fului de cult s\u0103 fie permis \u00een limita capacit\u0103\u0163ii bisericii;\u00een condi\u0163iile unui num\u0103r foarte mare de credincio\u015fi, se recomand\u0103 desf\u0103\u015furarea slujbelor religioase \u00een exteriorul bisericii;<\/h2>\n<\/li>\n<li>\n<h2>Men\u0163inerea u\u015filor de acces\/evacuare \u00een pozi\u0163ie deschis\u0103, \u00een mod obligatoriu, pe timpul slujbelor religioase;<\/h2>\n<\/li>\n<li>\n<h2>\u00cen cazul organiz\u0103rii slujbelor religioase \u00een bisericile din lemn, nu se va permite aglomerarea credincio\u015filor \u00een interior, deoarece aceste obiective sunt de dimensiuni mici, au c\u0103ile de evacuare insuficiente \u015fi prezint\u0103 un risc foarte mare de incendiu;<\/h2>\n<\/li>\n<li>\n<h2>Evitarea desf\u0103\u015fur\u0103rii slujbelor religioase \u00een interiorul obiectivelor aflate \u00een curs de restaurare \/ renovare \u015fi interzicerea desf\u0103\u015fur\u0103rii lor \u00een obiective \u00een care sunt amplasate schele;<\/h2>\n<\/li>\n<li>\n<h2>Desemnarea, de c\u0103tre preo\u0163i, a unor persoane responsabile, cu atribu\u0163ii de supraveghere atent\u0103 a activit\u0103\u0163ilor din interiorul bisericilor \u015fi de interven\u0163ie operativ\u0103, cu mijloace de stingere proprii (sting\u0103toare de incendiu);<\/h2>\n<\/li>\n<li>\n<h2>Enoria\u015fii vor men\u0163ine o distan\u0163\u0103 de siguran\u0163\u0103 fa\u0163\u0103 de cei din jurul lor, pentru a evita contactul dintre lum\u00e2n\u0103ri \u015fi hainele sau p\u0103rul acestora;<\/h2>\n<\/li>\n<li>\n<h2>Depunerea lum\u00e2n\u0103rilor se va face numai \u00een locurile special amenajate \u00een acest sens (ex: t\u0103vi metalice umplute cu nisip), \u00een exteriorul l\u0103ca\u015felor \u015fi la distan\u0163a de siguran\u0163\u0103 fa\u0163\u0103 de elemente combustibile;<\/h2>\n<\/li>\n<li>\n<h2>Efectuarea, prin grija personalului clerical de la biserici \u015fi m\u0103n\u0103stiri, a unei verific\u0103ri dup\u0103 terminarea slujbelor religioase, pentru \u00eenl\u0103turarea oric\u0103rei eventuale surse de ini\u0163iere a unui incendiu: stingerea lum\u00e2n\u0103rilor la terminarea activit\u0103\u0163ilor \u015fi evacuarea resturilor \u00een locuri sigure, \u00een afara bisericii, deconectarea aparatelor electrice \u015fi a instala\u0163iei de iluminat;<\/h2>\n<\/li>\n<li>\n<h2>Parcarea autoturismelor persoanelor care particip\u0103 la slujbele religioase, se va face astfel \u00eenc\u00e2t s\u0103 nu se blocheze c\u0103ile de acces pentru autospecialele de interven\u0163ie \u00een cazul producerii unor situa\u0163ii de urgen\u0163\u0103 sau s\u0103 \u00eempiedice accesul la hidran\u0163ii exteriori de incendiu.<\/h2>\n<\/li>\n<\/ul>\n<h2>\u00cen cazul producerii unui incendiu, se ac\u0163ioneaz\u0103 imediat astfel:<\/h2>\n<ul>\n<li>\n<h2>evacuarea \u00een condi\u0163ii de siguran\u0163\u0103 a tuturor participan\u0163ilor din cl\u0103dire, precum \u015fi a bunurilor importante, \u00een ordinea valorii;<\/h2>\n<\/li>\n<li>\n<h2>anun\u0163area imediat\u0103 a incendiului la Num\u0103rul Unic pentru Apeluri de Urgen\u0163\u0103 112.<\/h2>\n<\/li>\n<\/ul>\n<h2>Pentru prevenirea unor evenimente nedorite la gospod\u0103riile popula\u0163iei pe timpul S\u0103rb\u0103torilor Pascale, pompierii recomand\u0103 ie\u015fenilor :<\/h2>\n<ul>\n<li>\n<h2>la \u00eentoarcerea la domiciliu, s\u0103 nu lase lum\u00e2n\u0103ri aprinse nesupravegheate sau \u00een apropierea materialelor u\u015for combustibile ori \u00een locuri unde pot ajunge copiii \u015fi le-ar putea r\u0103sturna.<\/h2>\n<\/li>\n<li>\n<h2>stingerea lum\u00e2n\u0103rilor \u00eenainte de a merge la culcare, \u00eentruc\u00e2t exist\u0103 riscul ca acestea s\u0103 provoace un incendiu;<\/h2>\n<\/li>\n<li>\n<h2>de asemenea, copiii nu trebuie l\u0103sa\u0163i singuri \u00een cas\u0103, nesupraveghea\u0163i ori av\u00e2nd la \u00eendem\u00e2n\u0103 chibrituri, lum\u00e2n\u0103ri, brichete.<\/h2>\n<\/li>\n<\/ul>\n<h1>&nbsp;<\/h1>\n<h1>28.02.2023<\/h1>\n<h1><strong>&nbsp;ZIUA PROTEC\u021aIEI CIVILE DIN ROM\u00c2NIA<\/strong><\/h1>\n<h2><strong>&nbsp;<\/strong><strong>PROTEC\u0162IA CIVIL\u0102<\/strong>&nbsp;presupune \u00eendeplinirea tuturor sarcinilor umanitare, destinate s\u0103 protejeze popula\u0163ia civil\u0103 \u00eempotriva pericolelor, ostilit\u0103\u0163ilor sau a catastrofelor \u015fi s\u0103 o ajute s\u0103 dep\u0103\u015feasc\u0103 efectele lor imediate, asigur\u00e2nd condi\u0163iile necesare supravie\u0163uirii acesteia (art. 61 din cuprinsul Conven\u0163iilor de la Geneva, din 2 august 1949, privind protec\u0163ia victimelor conflictelor armate). Dezvoltarea avia\u0163iei, amplificarea efectelor distrug\u0103toare ale armamentului, folosirea substan\u0163elor toxice de lupt\u0103 \u015fi \u00een spatele frontului, determin\u0103 \u00een perioada ce a urmat primului r\u0103zboi mondial intensificarea preocup\u0103rilor pentru protec\u0163ia popula\u0163iei.<\/h2>\n<h2>\u00cen Rom\u00e2nia, arma \u201eprotec\u0163iei civile\u201d a fost organizat\u0103, pentru prima dat\u0103, \u00een 1933, sub denumirea de&nbsp;<strong>\u201eap\u0103rare pasiv\u0103 contra atacurilor aeriene\u201d<\/strong>, cu scopul&nbsp;<strong>\u201elimit\u0103rii efectelor bombardamentelor aeriene asupra popula\u0163iei \u015fi resurselor teritoriului, fie asigur\u00e2ndu-le protec\u0163ie direct\u0103, fie mic\u015for\u00e2nd eficacitatea atacurilor\u201d<\/strong>. Astfel,&nbsp;<strong>Prin Decretul Regal nr. 468 din 28 februarie 1933 se aprob\u0103&nbsp;<\/strong>\u201eRegulamentul ap\u0103r\u0103rii pasive contra atacurilor aeriene\u201d, care prin prevederile sale&nbsp;<strong>deta\u015feaz\u0103 net ap\u0103rarea pasiv\u0103 de ap\u0103rarea activ\u0103.&nbsp;<\/strong>Ap\u0103rarea pasiv\u0103 devine o arm\u0103 de sine st\u0103t\u0103toare, cu o organizare proprie, cu rol bine determinat \u015fi misiuni specifice pentru protec\u0163ia cet\u0103\u0163enilor \u015fi bunurilor materiale \u00eempotriva atacurilor din aer sau alte situa\u0163ii speciale. \u00cen baza prevederilor regulamentului se stipuleaz\u0103 c\u0103 \u00een organizarea ap\u0103r\u0103rii pasive intr\u0103 \u015fi m\u0103surile generate de siguran\u0163\u0103 care au caracter mixt: militar \u015fi civil. Autorit\u0103\u0163ile militare \u201esunt responsabile de m\u0103surile care au ca scop organizarea serviciului de p\u00e2nd\u0103, transmiterea alarmei, organizarea camuflajului \u015fi \u00een special stingerea iluminatului \u00een regiunile amenin\u0163ate\u201d. Ele hot\u0103r\u0103sc \u015fi controleaz\u0103 preg\u0103tirea \u015fi executarea lor. Autorit\u0103\u0163ile civile sunt \u00eensarcinate a preg\u0103ti \u015fi executa aceste m\u0103suri dup\u0103 indica\u0163iile autorita\u0163ilor militare. Aceast\u0103 execu\u0163ie are un caracter obligatoriu.<\/h2>\n<h2>Activit\u0103\u0163ile \u015fi m\u0103surile de protec\u0163ie civil\u0103 se planific\u0103, se organizeaz\u0103 \u015fi se aplic\u0103 \u00een concordan\u0163\u0103 cu prevederile legii \u015fi ale actelor normative de aplicare subsecvente, ale strategiei de securitate na\u0163ional\u0103, cu planurile \u015fi programele adoptate de Consiliul Suprem de Ap\u0103rare a \u0162\u0103rii, precum \u015fi cu programele \u015fi procedurile elaborate de organismele specializate ale Organiza\u0163iei Na\u0163iunilor Unite, Organiza\u0163iei Tratatului Atlanticului de Nord \u015fi Uniunii Europene. Managementul protec\u0163iei civile se asigur\u0103 de c\u0103tre componentele Sistemului Na\u0163ional de Management al Situa\u0163iilor de Urgen\u0163\u0103, activitatea de protec\u0163ie civil\u0103 din Rom\u00e2nia fiind coordonat\u0103 de primul-ministru, care conduce aceast\u0103 activitate prin ministrul Administra\u0163iei \u015fi Internelor, \u00een calitate de pre\u015fedinte al Comitetului Na\u0163ional pentru Situa\u0163ii de Urgen\u0163\u0103.<\/h2>\n<h2>La ac\u0163iunile de limitare \u015fi \u00eenl\u0103turare a urm\u0103rilor situa\u0163iilor de protec\u0163ie civil\u0103 particip\u0103 structuri de interven\u0163ie din cadrul Inspectoratului General pentru Situa\u0163ii de Urgen\u0163\u0103, existente pe timp de pace sau care se pot mobiliza \u00een timp scurt, unit\u0103\u0163i \u015fi forma\u0163iuni militare ale Ministerului Administra\u0163iei \u015fi Internelor, Ministerului Ap\u0103r\u0103rii, servicii de urgen\u0163\u0103 voluntare, forma\u0163iuni de Cruce Ro\u015fie \u015fi alte structuri cu atribu\u0163ii \u00een domeniu.<\/h2>\n<h2>Conform legii protec\u0163iei civile, organizarea \u015fi coordonarea unitar\u0103 a activit\u0103\u0163ilor de intensificare a m\u0103surilor de protec\u0163ie civil\u0103, \u00een situa\u0163ii speciale, se hot\u0103r\u0103sc de Consiliul Suprem de Ap\u0103rare a \u0162\u0103rii. Trebuie re\u0163inut c\u0103 protec\u0163ia civil\u0103, cunoa\u015fte permanent o dezvoltare \u015fi o adaptare la noile cerin\u0163e politice, economice, militare, ceea ce duce \u015fi la unele schimb\u0103ri \u00een structura acesteia. Noile acte normative care apar, legi sau ordonan\u0163e ale Guvernului Rom\u00e2niei, trebuie duse la indeplinire prin aplicarea lor la toate e\u015faloanele protec\u0163iei civile.<\/h2>\n<div class=\"x11i5rnm xat24cr x1mh8g0r x1vvkbs xdj266r x126k92a\">\n<h2 dir=\"auto\">27.02.2023<\/h2>\n<h1 dir=\"auto\" style=\"text-align: center;\">ANUN\u021a<\/h1>\n<\/div>\n<div dir=\"auto\">Miercuri, 01 martie 2023, \u00een intervalul orar 10:00-11:00, va avea loc exerci\u021biul na\u021bional de alarmare public\u0103, denumit generic \u201eMiercurea Alarmelor\u201d, prin care sunt verificate echipamentele dedicate de \u00een\u0219tiin\u021bare, avertizare \u0219i alarmare a popula\u021biei, precum \u0219i gradul de acoperire acustic\u0103 al acestora.<\/div>\n<div dir=\"auto\">Av\u00e2nd \u00een vedere c\u0103 este doar un exerci\u021biu, v\u0103 rug\u0103m s\u0103 NU intra\u021bi \u00een panic\u0103!<\/div>\n<div dir=\"auto\">Pe raza ora\u0219ului Rovinari sunt instalate 5 sirene de alarmare civil\u0103, dup\u0103 cum urmeaz\u0103:<\/div>\n<div dir=\"auto\">\u2022 \u0218coala Gimnazial\u0103 Nr.1<\/div>\n<div dir=\"auto\">\u2022 Spitalul or\u0103\u0219enesc &#8222;Sf\u00e2ntul \u0218tefan&#8221;<\/div>\n<div dir=\"auto\">\u2022 Bloc R4<\/div>\n<div dir=\"auto\">\u2022 \u0218coala cartier V\u00e2r\u021b<\/div>\n<div dir=\"auto\">\u2022 Termocentrala Rovinari<\/div>\n<div dir=\"auto\">V\u0103 mul\u021bumim pentru \u00een\u021belegere!<\/div>\n<div class=\"x11i5rnm xat24cr x1mh8g0r x1vvkbs xtlvy1s x126k92a\">\n<h2 dir=\"auto\">Primar,<\/h2>\n<h2 dir=\"auto\">Robert-Dorin Filip<\/h2>\n<div id=\"attachment_19142\" style=\"width: 1034px\" class=\"wp-caption alignnone\"><img loading=\"lazy\" decoding=\"async\" aria-describedby=\"caption-attachment-19142\" class=\"size-large wp-image-19142\" src=\"https:\/\/www.primariarovinari.ro\/wp-content\/uploads\/2023\/02\/334035423_246018867750136_492054229393494632_n-1024x768.jpg\" alt=\"\" width=\"1024\" height=\"768\" srcset=\"https:\/\/primariarovinari.ro\/old\/wp-content\/uploads\/2023\/02\/334035423_246018867750136_492054229393494632_n-1024x768.jpg 1024w, https:\/\/primariarovinari.ro\/old\/wp-content\/uploads\/2023\/02\/334035423_246018867750136_492054229393494632_n-168x126.jpg 168w, https:\/\/primariarovinari.ro\/old\/wp-content\/uploads\/2023\/02\/334035423_246018867750136_492054229393494632_n-768x576.jpg 768w, https:\/\/primariarovinari.ro\/old\/wp-content\/uploads\/2023\/02\/334035423_246018867750136_492054229393494632_n-1536x1152.jpg 1536w, https:\/\/primariarovinari.ro\/old\/wp-content\/uploads\/2023\/02\/334035423_246018867750136_492054229393494632_n.jpg 2048w\" sizes=\"auto, (max-width: 1024px) 100vw, 1024px\" \/><p id=\"caption-attachment-19142\" class=\"wp-caption-text\">default<\/p><\/div>\n<p><img loading=\"lazy\" decoding=\"async\" class=\"alignnone size-large wp-image-19143\" src=\"https:\/\/www.primariarovinari.ro\/wp-content\/uploads\/2023\/02\/sirene-1.jpg\" alt=\"\" width=\"770\" height=\"578\" srcset=\"https:\/\/primariarovinari.ro\/old\/wp-content\/uploads\/2023\/02\/sirene-1.jpg 770w, https:\/\/primariarovinari.ro\/old\/wp-content\/uploads\/2023\/02\/sirene-1-168x126.jpg 168w, https:\/\/primariarovinari.ro\/old\/wp-content\/uploads\/2023\/02\/sirene-1-768x576.jpg 768w\" sizes=\"auto, (max-width: 770px) 100vw, 770px\" \/><\/p>\n<\/div>\n<h1>10.10.2022<\/h1>\n<h1>CODIFICAREA ATEN\u0218ION\u0102RILOR METEOROLOGICE&nbsp;<\/h1>\n<h1><img loading=\"lazy\" decoding=\"async\" class=\"alignnone size-large wp-image-18860\" src=\"https:\/\/www.primariarovinari.ro\/wp-content\/uploads\/2022\/10\/m.-Codificarea-atentionarilor-meteorologice-si-hidrologice-1_Page_1-717x1024.jpg\" alt=\"\" width=\"717\" height=\"1024\" srcset=\"https:\/\/primariarovinari.ro\/old\/wp-content\/uploads\/2022\/10\/m.-Codificarea-atentionarilor-meteorologice-si-hidrologice-1_Page_1-717x1024.jpg 717w, https:\/\/primariarovinari.ro\/old\/wp-content\/uploads\/2022\/10\/m.-Codificarea-atentionarilor-meteorologice-si-hidrologice-1_Page_1-118x168.jpg 118w, https:\/\/primariarovinari.ro\/old\/wp-content\/uploads\/2022\/10\/m.-Codificarea-atentionarilor-meteorologice-si-hidrologice-1_Page_1-768x1097.jpg 768w, https:\/\/primariarovinari.ro\/old\/wp-content\/uploads\/2022\/10\/m.-Codificarea-atentionarilor-meteorologice-si-hidrologice-1_Page_1-1075x1536.jpg 1075w, https:\/\/primariarovinari.ro\/old\/wp-content\/uploads\/2022\/10\/m.-Codificarea-atentionarilor-meteorologice-si-hidrologice-1_Page_1-1434x2048.jpg 1434w, https:\/\/primariarovinari.ro\/old\/wp-content\/uploads\/2022\/10\/m.-Codificarea-atentionarilor-meteorologice-si-hidrologice-1_Page_1-scaled.jpg 1792w\" sizes=\"auto, (max-width: 717px) 100vw, 717px\" \/> <img loading=\"lazy\" decoding=\"async\" class=\"alignnone size-large wp-image-18859\" src=\"https:\/\/www.primariarovinari.ro\/wp-content\/uploads\/2022\/10\/m.-Codificarea-atentionarilor-meteorologice-si-hidrologice-1_Page_2-717x1024.jpg\" alt=\"\" width=\"717\" height=\"1024\" srcset=\"https:\/\/primariarovinari.ro\/old\/wp-content\/uploads\/2022\/10\/m.-Codificarea-atentionarilor-meteorologice-si-hidrologice-1_Page_2-717x1024.jpg 717w, https:\/\/primariarovinari.ro\/old\/wp-content\/uploads\/2022\/10\/m.-Codificarea-atentionarilor-meteorologice-si-hidrologice-1_Page_2-118x168.jpg 118w, https:\/\/primariarovinari.ro\/old\/wp-content\/uploads\/2022\/10\/m.-Codificarea-atentionarilor-meteorologice-si-hidrologice-1_Page_2-768x1097.jpg 768w, https:\/\/primariarovinari.ro\/old\/wp-content\/uploads\/2022\/10\/m.-Codificarea-atentionarilor-meteorologice-si-hidrologice-1_Page_2-1075x1536.jpg 1075w, https:\/\/primariarovinari.ro\/old\/wp-content\/uploads\/2022\/10\/m.-Codificarea-atentionarilor-meteorologice-si-hidrologice-1_Page_2-1434x2048.jpg 1434w, https:\/\/primariarovinari.ro\/old\/wp-content\/uploads\/2022\/10\/m.-Codificarea-atentionarilor-meteorologice-si-hidrologice-1_Page_2-scaled.jpg 1792w\" sizes=\"auto, (max-width: 717px) 100vw, 717px\" \/><\/h1>\n<h1>14.06.2022<\/h1>\n<h1>Reguli \u0219i m\u0103suri pentru utilizarea focului deschis<\/h1>\n<p><img loading=\"lazy\" decoding=\"async\" class=\"alignnone size-large wp-image-18061\" src=\"https:\/\/www.primariarovinari.ro\/wp-content\/uploads\/2022\/06\/Atentionare-utilizare-foc-deschis_0001-724x1024.jpg\" alt=\"\" width=\"724\" height=\"1024\" srcset=\"https:\/\/primariarovinari.ro\/old\/wp-content\/uploads\/2022\/06\/Atentionare-utilizare-foc-deschis_0001-724x1024.jpg 724w, https:\/\/primariarovinari.ro\/old\/wp-content\/uploads\/2022\/06\/Atentionare-utilizare-foc-deschis_0001-119x168.jpg 119w, https:\/\/primariarovinari.ro\/old\/wp-content\/uploads\/2022\/06\/Atentionare-utilizare-foc-deschis_0001-768x1086.jpg 768w, https:\/\/primariarovinari.ro\/old\/wp-content\/uploads\/2022\/06\/Atentionare-utilizare-foc-deschis_0001-1087x1536.jpg 1087w, https:\/\/primariarovinari.ro\/old\/wp-content\/uploads\/2022\/06\/Atentionare-utilizare-foc-deschis_0001-1449x2048.jpg 1449w, https:\/\/primariarovinari.ro\/old\/wp-content\/uploads\/2022\/06\/Atentionare-utilizare-foc-deschis_0001.jpg 1654w\" sizes=\"auto, (max-width: 724px) 100vw, 724px\" \/> <img loading=\"lazy\" decoding=\"async\" class=\"alignnone size-large wp-image-18060\" src=\"https:\/\/www.primariarovinari.ro\/wp-content\/uploads\/2022\/06\/Atentionare-utilizare-foc-deschis_0002-724x1024.jpg\" alt=\"\" width=\"724\" height=\"1024\" srcset=\"https:\/\/primariarovinari.ro\/old\/wp-content\/uploads\/2022\/06\/Atentionare-utilizare-foc-deschis_0002-724x1024.jpg 724w, https:\/\/primariarovinari.ro\/old\/wp-content\/uploads\/2022\/06\/Atentionare-utilizare-foc-deschis_0002-119x168.jpg 119w, https:\/\/primariarovinari.ro\/old\/wp-content\/uploads\/2022\/06\/Atentionare-utilizare-foc-deschis_0002-768x1086.jpg 768w, https:\/\/primariarovinari.ro\/old\/wp-content\/uploads\/2022\/06\/Atentionare-utilizare-foc-deschis_0002-1087x1536.jpg 1087w, https:\/\/primariarovinari.ro\/old\/wp-content\/uploads\/2022\/06\/Atentionare-utilizare-foc-deschis_0002-1449x2048.jpg 1449w, https:\/\/primariarovinari.ro\/old\/wp-content\/uploads\/2022\/06\/Atentionare-utilizare-foc-deschis_0002.jpg 1654w\" sizes=\"auto, (max-width: 724px) 100vw, 724px\" \/><\/p>\n<h2>23.03.2022<\/h2>\n<h1>Reguli \u0219i m\u0103suri pentru utilizarea focului deschis<\/h1>\n<p><img loading=\"lazy\" decoding=\"async\" class=\"alignnone size-large wp-image-17602\" src=\"https:\/\/www.primariarovinari.ro\/wp-content\/uploads\/2022\/03\/Adresa-ISU-Gorj-incendii-vegetatie-uscata-724x1024.jpg\" alt=\"\" width=\"724\" height=\"1024\" srcset=\"https:\/\/primariarovinari.ro\/old\/wp-content\/uploads\/2022\/03\/Adresa-ISU-Gorj-incendii-vegetatie-uscata-724x1024.jpg 724w, https:\/\/primariarovinari.ro\/old\/wp-content\/uploads\/2022\/03\/Adresa-ISU-Gorj-incendii-vegetatie-uscata-119x168.jpg 119w, https:\/\/primariarovinari.ro\/old\/wp-content\/uploads\/2022\/03\/Adresa-ISU-Gorj-incendii-vegetatie-uscata-768x1086.jpg 768w, https:\/\/primariarovinari.ro\/old\/wp-content\/uploads\/2022\/03\/Adresa-ISU-Gorj-incendii-vegetatie-uscata-1087x1536.jpg 1087w, https:\/\/primariarovinari.ro\/old\/wp-content\/uploads\/2022\/03\/Adresa-ISU-Gorj-incendii-vegetatie-uscata-1449x2048.jpg 1449w, https:\/\/primariarovinari.ro\/old\/wp-content\/uploads\/2022\/03\/Adresa-ISU-Gorj-incendii-vegetatie-uscata-scaled.jpg 1811w\" sizes=\"auto, (max-width: 724px) 100vw, 724px\" \/><\/p>\n<h2>&nbsp;<\/h2>\n<h2>&nbsp;<\/h2>\n<h2>&nbsp;<\/h2>\n<h2>&nbsp;<\/h2>\n<h2>21.03.2022<\/h2>\n<h1>Recomand\u0103ri privind siguran\u021ba copiilor<\/h1>\n<p><img loading=\"lazy\" decoding=\"async\" class=\"alignnone size-large wp-image-17601\" src=\"https:\/\/www.primariarovinari.ro\/wp-content\/uploads\/2022\/03\/Recomandari-privind-siguranta-copiilor_Page_1-724x1024.jpg\" alt=\"\" width=\"724\" height=\"1024\" srcset=\"https:\/\/primariarovinari.ro\/old\/wp-content\/uploads\/2022\/03\/Recomandari-privind-siguranta-copiilor_Page_1-724x1024.jpg 724w, https:\/\/primariarovinari.ro\/old\/wp-content\/uploads\/2022\/03\/Recomandari-privind-siguranta-copiilor_Page_1-119x168.jpg 119w, https:\/\/primariarovinari.ro\/old\/wp-content\/uploads\/2022\/03\/Recomandari-privind-siguranta-copiilor_Page_1-768x1086.jpg 768w, https:\/\/primariarovinari.ro\/old\/wp-content\/uploads\/2022\/03\/Recomandari-privind-siguranta-copiilor_Page_1-1086x1536.jpg 1086w, https:\/\/primariarovinari.ro\/old\/wp-content\/uploads\/2022\/03\/Recomandari-privind-siguranta-copiilor_Page_1-1448x2048.jpg 1448w, https:\/\/primariarovinari.ro\/old\/wp-content\/uploads\/2022\/03\/Recomandari-privind-siguranta-copiilor_Page_1-scaled.jpg 1810w\" sizes=\"auto, (max-width: 724px) 100vw, 724px\" \/> <img loading=\"lazy\" decoding=\"async\" class=\"alignnone size-large wp-image-17600\" src=\"https:\/\/www.primariarovinari.ro\/wp-content\/uploads\/2022\/03\/Recomandari-privind-siguranta-copiilor_Page_2-724x1024.jpg\" alt=\"\" width=\"724\" height=\"1024\" srcset=\"https:\/\/primariarovinari.ro\/old\/wp-content\/uploads\/2022\/03\/Recomandari-privind-siguranta-copiilor_Page_2-724x1024.jpg 724w, https:\/\/primariarovinari.ro\/old\/wp-content\/uploads\/2022\/03\/Recomandari-privind-siguranta-copiilor_Page_2-119x168.jpg 119w, https:\/\/primariarovinari.ro\/old\/wp-content\/uploads\/2022\/03\/Recomandari-privind-siguranta-copiilor_Page_2-768x1086.jpg 768w, https:\/\/primariarovinari.ro\/old\/wp-content\/uploads\/2022\/03\/Recomandari-privind-siguranta-copiilor_Page_2-1086x1536.jpg 1086w, https:\/\/primariarovinari.ro\/old\/wp-content\/uploads\/2022\/03\/Recomandari-privind-siguranta-copiilor_Page_2-1448x2048.jpg 1448w, https:\/\/primariarovinari.ro\/old\/wp-content\/uploads\/2022\/03\/Recomandari-privind-siguranta-copiilor_Page_2-scaled.jpg 1810w\" sizes=\"auto, (max-width: 724px) 100vw, 724px\" \/> <img loading=\"lazy\" decoding=\"async\" class=\"alignnone size-large wp-image-17599\" src=\"https:\/\/www.primariarovinari.ro\/wp-content\/uploads\/2022\/03\/Recomandari-privind-siguranta-copiilor_Page_3-724x1024.jpg\" alt=\"\" width=\"724\" height=\"1024\" srcset=\"https:\/\/primariarovinari.ro\/old\/wp-content\/uploads\/2022\/03\/Recomandari-privind-siguranta-copiilor_Page_3-724x1024.jpg 724w, https:\/\/primariarovinari.ro\/old\/wp-content\/uploads\/2022\/03\/Recomandari-privind-siguranta-copiilor_Page_3-119x168.jpg 119w, https:\/\/primariarovinari.ro\/old\/wp-content\/uploads\/2022\/03\/Recomandari-privind-siguranta-copiilor_Page_3-768x1086.jpg 768w, https:\/\/primariarovinari.ro\/old\/wp-content\/uploads\/2022\/03\/Recomandari-privind-siguranta-copiilor_Page_3-1086x1536.jpg 1086w, https:\/\/primariarovinari.ro\/old\/wp-content\/uploads\/2022\/03\/Recomandari-privind-siguranta-copiilor_Page_3-1448x2048.jpg 1448w, https:\/\/primariarovinari.ro\/old\/wp-content\/uploads\/2022\/03\/Recomandari-privind-siguranta-copiilor_Page_3-scaled.jpg 1810w\" sizes=\"auto, (max-width: 724px) 100vw, 724px\" \/> <img loading=\"lazy\" decoding=\"async\" class=\"alignnone size-large wp-image-17598\" src=\"https:\/\/www.primariarovinari.ro\/wp-content\/uploads\/2022\/03\/Recomandari-privind-siguranta-copiilor_Page_4-724x1024.jpg\" alt=\"\" width=\"724\" height=\"1024\" srcset=\"https:\/\/primariarovinari.ro\/old\/wp-content\/uploads\/2022\/03\/Recomandari-privind-siguranta-copiilor_Page_4-724x1024.jpg 724w, https:\/\/primariarovinari.ro\/old\/wp-content\/uploads\/2022\/03\/Recomandari-privind-siguranta-copiilor_Page_4-119x168.jpg 119w, https:\/\/primariarovinari.ro\/old\/wp-content\/uploads\/2022\/03\/Recomandari-privind-siguranta-copiilor_Page_4-768x1086.jpg 768w, https:\/\/primariarovinari.ro\/old\/wp-content\/uploads\/2022\/03\/Recomandari-privind-siguranta-copiilor_Page_4-1086x1536.jpg 1086w, https:\/\/primariarovinari.ro\/old\/wp-content\/uploads\/2022\/03\/Recomandari-privind-siguranta-copiilor_Page_4-1448x2048.jpg 1448w, https:\/\/primariarovinari.ro\/old\/wp-content\/uploads\/2022\/03\/Recomandari-privind-siguranta-copiilor_Page_4-scaled.jpg 1810w\" sizes=\"auto, (max-width: 724px) 100vw, 724px\" \/><\/p>\n","protected":false},"excerpt":{"rendered":"<p>17.04.2025 Aten\u021bionare meteorologic\u0103 &nbsp;COD GALBEN &nbsp;17.04.2025-18.04.2025 11.04.2025 M\u0103suri&nbsp; de prevenire a incendiilor la obiective de cult cu prilejul Sfintelor S\u0103rb\u0103tori de Pa\u0219ti S\u0103rb\u0103toarea \u00cenvierii este una dintre cele mai mari evenimente ale vie\u021bii noastre cre\u0219tine. \u00cen incinta m\u00e2n\u0103stirilor \u0219i \u00een biserici, se adun\u0103, cu acest prilej, \u00een num\u0103r mare, enoria\u0219i, pentru a participa la toate [&hellip;]<\/p>\n","protected":false},"author":1001029,"featured_media":0,"parent":0,"menu_order":0,"comment_status":"closed","ping_status":"closed","template":"","meta":{"ngg_post_thumbnail":0,"footnotes":""},"class_list":["post-17595","page","type-page","status-publish","hentry"],"_links":{"self":[{"href":"https:\/\/primariarovinari.ro\/old\/wp-json\/wp\/v2\/pages\/17595","targetHints":{"allow":["GET"]}}],"collection":[{"href":"https:\/\/primariarovinari.ro\/old\/wp-json\/wp\/v2\/pages"}],"about":[{"href":"https:\/\/primariarovinari.ro\/old\/wp-json\/wp\/v2\/types\/page"}],"author":[{"embeddable":true,"href":"https:\/\/primariarovinari.ro\/old\/wp-json\/wp\/v2\/users\/1001029"}],"replies":[{"embeddable":true,"href":"https:\/\/primariarovinari.ro\/old\/wp-json\/wp\/v2\/comments?post=17595"}],"version-history":[{"count":0,"href":"https:\/\/primariarovinari.ro\/old\/wp-json\/wp\/v2\/pages\/17595\/revisions"}],"wp:attachment":[{"href":"https:\/\/primariarovinari.ro\/old\/wp-json\/wp\/v2\/media?parent=17595"}],"curies":[{"name":"wp","href":"https:\/\/api.w.org\/{rel}","templated":true}]}}