{"id":17576,"date":"2022-03-29T16:04:48","date_gmt":"2022-03-29T13:04:48","guid":{"rendered":"https:\/\/www.primariarovinari.ro\/?page_id=17576"},"modified":"2022-03-30T08:35:45","modified_gmt":"2022-03-30T05:35:45","slug":"date-generale","status":"publish","type":"page","link":"https:\/\/primariarovinari.ro\/old\/proiecte\/proiect-bunicii-comunitatii\/date-generale\/","title":{"rendered":"DATE GENERALE"},"content":{"rendered":"<h1>29.03.2022<\/h1>\n<h1>Bunicii comunit\u0103\u021bii &#8211; Rovinari<\/h1>\n<h2>B\u0103tr\u00e2ne\u021bea poate fi frumoas\u0103 dac\u0103 \u0219tim s\u0103 o tr\u0103im, dac\u0103 \u0219tim s\u0103 o accept\u0103m \u0219i dac\u0103 ne preg\u0103tim din timp pentru ea. Asta \u00ee\u0219i doresc \u0219i autorit\u0103\u021bile locale din ora\u0219ul Rovinari pentru v\u00e2rstnicii comunit\u0103\u021bii: s\u0103 aib\u0103 parte de o b\u0103tr\u00e2ne\u021be lini\u0219tit\u0103 \u0219i s\u0103 se bucure din plin de aceast\u0103 etap\u0103 a existen\u021bei. \u0218i acesta este \u0219i scopul proiectului \u201dBunicii Comunit\u0103\u021bii\u201d implementat la nivelul unit\u0103\u021bii administrativ teritoriale \u00een perioada 14.03.2020-31.12.2023.<\/h2>\n<h2>Obiectivul general al proiectului este reducerea num\u0103rului de persoane v\u00e2rstnice aflate \u00een situa\u021bie de vulnerabilitate, la nivelul ora\u0219ului Rovinari, jude\u021bul Gorj, prin sprijinirea accesului la servicii sociale integrate. Prin intermediul acestui proiect, seniorii de peste 65 de ani din Rovinari sunt a\u0219tepta\u021bi s\u0103 socializeze \u00eentr-un centru nou, utilat \u0219i modern unde vor participa la activit\u0103\u021bi de dans, muzic\u0103, ateliere de crea\u021bie, ateliere de lectur\u0103, ateliere culinare. \u00cemb\u0103tr\u00e2nirea activ\u0103 le permite persoanelor s\u0103 \u00ee\u0219i ating\u0103 poten\u021bialul de bun\u0103stare fizic\u0103, social\u0103 \u0219i mental\u0103 pe tot parcursul vie\u021bii \u0219i s\u0103 participe \u00een cadrul societ\u0103\u021bii, \u0219i \u00een acela\u0219i timp s\u0103 li se ofere protec\u021bie, securitate \u0219i \u00eengrijire adecvate atunci c\u00e2nd au nevoie. Prin urmare, promovarea \u00eemb\u0103tr\u00e2nirii active este o necesitate \u0219i asta vrem \u0219i noi, echipa proiectului, s\u0103 le transmitem seniorilor din Rovinari, pentru c\u0103 noi to\u021bi ne dorim o b\u0103tr\u00e2ne\u021be lini\u0219tit\u0103 \u0219i decent\u0103 pentru bunicii no\u0219tri.<\/h2>\n<h2>Printre beneficiile proiectului amintim:<\/h2>\n<h2>-reducerea fenomenului de izolare \u0219i autoizolare social\u0103 a persoanelor v\u00e2rstnice;<\/h2>\n<h2>&#8211; optimizarea emo\u021bional\u0103 \u0219i prevenirea depresiei la persoanelor de peste 65 de ani aflate \u00een dificultate;<\/h2>\n<h2>&#8211; cre\u0219terea gradului de informare \u0219i facilitarea accesului la servicii specifice \u00een vederea desf\u0103\u0219ur\u0103rii unei vie\u021bi normale;<\/h2>\n<h2>&#8211; prevenirea abandonului familial \u0219i reducerea num\u0103rului de persoane v\u00e2rstnice care solicit\u0103 institu\u021bionalizarea;<\/h2>\n<h2>&#8211; promovarea unei societ\u0103\u021bi incluzive, cu un grad ridicat de coeziune social\u0103;<\/h2>\n<h2>&#8211; asigurarea accesului la serviciile sociale fundamentale, printre care s\u0103n\u0103tatea \u0219i asisten\u021b\u0103 social\u0103;<\/h2>\n<h2>&#8211; sus\u021binerea implic\u0103rii active a persoanelor v\u00e2rstnice \u00een via\u021ba social\u0103 prin informare, sprijin \u0219i consiliere;<\/h2>\n<h2>&#8211; crearea unor pun\u021bi \u00eentre genera\u021biile tinere \u0219i v\u00e2rstnici<\/h2>\n<h2>Titlul proiectului: \u201dBunicii Comunit\u0103\u021bii\u201d &#8211; Rovinari<\/h2>\n<h2>Numele beneficiarului-Prim\u0103ria Ora\u0219ului Rovinari<\/h2>\n<h2>Num\u0103rul contractului de finan\u021bare 5279\/13.03.2020<\/h2>\n<h2>Cod proiect 127708<\/h2>\n<h2>Cod apel: POCU\/436\/4\/4\/Reducerea num\u0103rului de persoane apar\u021bin\u00e2nd grupurilor vulnerabile prin furnizarea unor servicii sociale.<\/h2>\n<h2>Proiect cofinan\u021bat de Uniunea European\u0103 din Fondul Social European prin Programul Opera\u021bional Capital Uman 2014-2020.<\/h2>\n<h2>&nbsp;<\/h2>\n<p>&nbsp;<\/p>\n","protected":false},"excerpt":{"rendered":"<p>29.03.2022 Bunicii comunit\u0103\u021bii &#8211; Rovinari B\u0103tr\u00e2ne\u021bea poate fi frumoas\u0103 dac\u0103 \u0219tim s\u0103 o tr\u0103im, dac\u0103 \u0219tim s\u0103 o accept\u0103m \u0219i dac\u0103 ne preg\u0103tim din timp pentru ea. Asta \u00ee\u0219i doresc \u0219i autorit\u0103\u021bile locale din ora\u0219ul Rovinari pentru v\u00e2rstnicii comunit\u0103\u021bii: s\u0103 aib\u0103 parte de o b\u0103tr\u00e2ne\u021be lini\u0219tit\u0103 \u0219i s\u0103 se bucure din plin de aceast\u0103 etap\u0103 [&hellip;]<\/p>\n","protected":false},"author":1001029,"featured_media":0,"parent":17572,"menu_order":0,"comment_status":"closed","ping_status":"closed","template":"","meta":{"ngg_post_thumbnail":0,"footnotes":""},"class_list":["post-17576","page","type-page","status-publish","hentry"],"_links":{"self":[{"href":"https:\/\/primariarovinari.ro\/old\/wp-json\/wp\/v2\/pages\/17576","targetHints":{"allow":["GET"]}}],"collection":[{"href":"https:\/\/primariarovinari.ro\/old\/wp-json\/wp\/v2\/pages"}],"about":[{"href":"https:\/\/primariarovinari.ro\/old\/wp-json\/wp\/v2\/types\/page"}],"author":[{"embeddable":true,"href":"https:\/\/primariarovinari.ro\/old\/wp-json\/wp\/v2\/users\/1001029"}],"replies":[{"embeddable":true,"href":"https:\/\/primariarovinari.ro\/old\/wp-json\/wp\/v2\/comments?post=17576"}],"version-history":[{"count":0,"href":"https:\/\/primariarovinari.ro\/old\/wp-json\/wp\/v2\/pages\/17576\/revisions"}],"up":[{"embeddable":true,"href":"https:\/\/primariarovinari.ro\/old\/wp-json\/wp\/v2\/pages\/17572"}],"wp:attachment":[{"href":"https:\/\/primariarovinari.ro\/old\/wp-json\/wp\/v2\/media?parent=17576"}],"curies":[{"name":"wp","href":"https:\/\/api.w.org\/{rel}","templated":true}]}}